{"id":4615,"date":"2026-04-21T09:15:35","date_gmt":"2026-04-21T09:15:35","guid":{"rendered":"https:\/\/esmayolet.com\/?page_id=4615"},"modified":"2026-04-30T12:43:29","modified_gmt":"2026-04-30T12:43:29","slug":"gastronomie","status":"publish","type":"page","link":"https:\/\/esmayolet.com\/de\/gastronomia\/","title":{"rendered":"Gastronomie"},"content":{"rendered":"\t\t<div data-elementor-type=\"wp-page\" data-elementor-id=\"4615\" class=\"elementor elementor-4615\" data-elementor-post-type=\"page\">\n\t\t\t\t<div class=\"elementor-element elementor-element-871808e e-flex e-con-boxed wpr-particle-no wpr-jarallax-no wpr-parallax-no wpr-sticky-section-no wpr-equal-height-no e-con e-parent\" data-id=\"871808e\" data-element_type=\"container\" data-e-type=\"container\" data-settings=\"{&quot;background_background&quot;:&quot;slideshow&quot;,&quot;background_slideshow_gallery&quot;:[{&quot;id&quot;:4679,&quot;url&quot;:&quot;https:\\\/\\\/esmayolet.com\\\/wp-content\\\/uploads\\\/2026\\\/04\\\/agroturismo-mayolet-mallorca.jpg&quot;},{&quot;id&quot;:4680,&quot;url&quot;:&quot;https:\\\/\\\/esmayolet.com\\\/wp-content\\\/uploads\\\/2026\\\/04\\\/agroturismo-restaurante-mayolet.jpg&quot;},{&quot;id&quot;:4681,&quot;url&quot;:&quot;https:\\\/\\\/esmayolet.com\\\/wp-content\\\/uploads\\\/2026\\\/04\\\/producto-local-agroturismo-mallorca.jpg&quot;},{&quot;id&quot;:4682,&quot;url&quot;:&quot;https:\\\/\\\/esmayolet.com\\\/wp-content\\\/uploads\\\/2026\\\/04\\\/restaurante-agroturismo-mayolet-mallorca.jpg&quot;}],&quot;background_slideshow_lazyload&quot;:&quot;yes&quot;,&quot;background_slideshow_slide_duration&quot;:3000,&quot;background_slideshow_loop&quot;:&quot;yes&quot;,&quot;background_slideshow_slide_transition&quot;:&quot;fade&quot;,&quot;background_slideshow_transition_duration&quot;:500}\">\n\t\t\t\t\t<div class=\"e-con-inner\">\n\t\t<div class=\"elementor-element elementor-element-2d7351fb e-flex e-con-boxed wpr-particle-no wpr-jarallax-no wpr-parallax-no wpr-sticky-section-no wpr-equal-height-no e-con e-child\" data-id=\"2d7351fb\" data-element_type=\"container\" data-e-type=\"container\">\n\t\t\t\t\t<div class=\"e-con-inner\">\n\t\t\t\t<div class=\"elementor-element elementor-element-27f934b0 elementor-widget elementor-widget-heading\" data-id=\"27f934b0\" data-element_type=\"widget\" data-e-type=\"widget\" data-widget_type=\"heading.default\">\n\t\t\t\t<div class=\"elementor-widget-container\">\n\t\t\t\t\t<h1 class=\"elementor-heading-title elementor-size-default\">Restaurante Sa Vinya d'es Mayolet<\/h1>\t\t\t\t<\/div>\n\t\t\t\t<\/div>\n\t\t\t\t<div class=\"elementor-element elementor-element-7dc669fb elementor-widget elementor-widget-text-editor\" data-id=\"7dc669fb\" data-element_type=\"widget\" data-e-type=\"widget\" data-widget_type=\"text-editor.default\">\n\t\t\t\t<div class=\"elementor-widget-container\">\n\t\t\t\t\t\t\t\t\t<p>Aqu\u00ed, cada plato cuenta una historia. Una historia que empieza en el huerto, sigue en los mercados locales y termina en la mesa, donde el sabor se convierte en el verdadero protagonista.<\/p>\t\t\t\t\t\t\t\t<\/div>\n\t\t\t\t<\/div>\n\t\t\t\t<div class=\"elementor-element elementor-element-6228f8d7 elementor-mobile-align-left elementor-align-center elementor-widget elementor-widget-button\" data-id=\"6228f8d7\" data-element_type=\"widget\" data-e-type=\"widget\" data-widget_type=\"button.default\">\n\t\t\t\t<div class=\"elementor-widget-container\">\n\t\t\t\t\t\t\t\t\t<div class=\"elementor-button-wrapper\">\n\t\t\t\t\t<a class=\"elementor-button elementor-button-link elementor-size-sm\" href=\"https:\/\/esmayolet.com\/contacto\/\">\n\t\t\t\t\t\t<span class=\"elementor-button-content-wrapper\">\n\t\t\t\t\t\t\t\t\t<span class=\"elementor-button-text\">Reservar tu Mesa<\/span>\n\t\t\t\t\t<\/span>\n\t\t\t\t\t<\/a>\n\t\t\t\t<\/div>\n\t\t\t\t\t\t\t\t<\/div>\n\t\t\t\t<\/div>\n\t\t\t\t\t<\/div>\n\t\t\t\t<\/div>\n\t\t\t\t\t<\/div>\n\t\t\t\t<\/div>\n\t\t<div class=\"elementor-element elementor-element-6f7597d3 e-flex e-con-boxed wpr-particle-no wpr-jarallax-no wpr-parallax-no wpr-sticky-section-no wpr-equal-height-no e-con e-parent\" data-id=\"6f7597d3\" data-element_type=\"container\" data-e-type=\"container\">\n\t\t\t\t\t<div class=\"e-con-inner\">\n\t\t<div class=\"elementor-element elementor-element-5d1f1f30 e-con-full e-flex wpr-particle-no wpr-jarallax-no wpr-parallax-no wpr-sticky-section-no wpr-equal-height-no e-con e-child\" data-id=\"5d1f1f30\" data-element_type=\"container\" data-e-type=\"container\">\n\t\t\t\t<div class=\"elementor-element elementor-element-2fb4fd62 elementor-widget__width-initial elementor-invisible elementor-widget elementor-widget-image\" data-id=\"2fb4fd62\" data-element_type=\"widget\" data-e-type=\"widget\" data-settings=\"{&quot;_animation&quot;:&quot;fadeIn&quot;,&quot;_animation_delay&quot;:200}\" data-widget_type=\"image.default\">\n\t\t\t\t<div class=\"elementor-widget-container\">\n\t\t\t\t\t\t\t\t\t\t\t\t\t\t\t<img fetchpriority=\"high\" decoding=\"async\" width=\"1000\" height=\"1000\" src=\"https:\/\/esmayolet.com\/wp-content\/uploads\/2026\/04\/agroturismo-mallorca-manacor.jpg\" class=\"attachment-full size-full wp-image-4706\" alt=\"\" srcset=\"https:\/\/esmayolet.com\/wp-content\/uploads\/2026\/04\/agroturismo-mallorca-manacor.jpg 1000w, https:\/\/esmayolet.com\/wp-content\/uploads\/2026\/04\/agroturismo-mallorca-manacor-300x300.jpg 300w, https:\/\/esmayolet.com\/wp-content\/uploads\/2026\/04\/agroturismo-mallorca-manacor-150x150.jpg 150w, https:\/\/esmayolet.com\/wp-content\/uploads\/2026\/04\/agroturismo-mallorca-manacor-768x768.jpg 768w, https:\/\/esmayolet.com\/wp-content\/uploads\/2026\/04\/agroturismo-mallorca-manacor-12x12.jpg 12w\" sizes=\"(max-width: 1000px) 100vw, 1000px\" \/>\t\t\t\t\t\t\t\t\t\t\t\t\t\t\t<\/div>\n\t\t\t\t<\/div>\n\t\t\t\t<div class=\"elementor-element elementor-element-215b17ae elementor-widget__width-initial elementor-invisible elementor-widget elementor-widget-image\" data-id=\"215b17ae\" data-element_type=\"widget\" data-e-type=\"widget\" data-settings=\"{&quot;_animation&quot;:&quot;fadeIn&quot;,&quot;_animation_delay&quot;:300}\" data-widget_type=\"image.default\">\n\t\t\t\t<div class=\"elementor-widget-container\">\n\t\t\t\t\t\t\t\t\t\t\t\t\t\t\t<img decoding=\"async\" width=\"1200\" height=\"1200\" src=\"https:\/\/esmayolet.com\/wp-content\/uploads\/2026\/04\/andreu-genestra-agroturismo-mayolet-mallorca.jpg\" class=\"attachment-full size-full wp-image-4702\" alt=\"\" srcset=\"https:\/\/esmayolet.com\/wp-content\/uploads\/2026\/04\/andreu-genestra-agroturismo-mayolet-mallorca.jpg 1200w, https:\/\/esmayolet.com\/wp-content\/uploads\/2026\/04\/andreu-genestra-agroturismo-mayolet-mallorca-300x300.jpg 300w, https:\/\/esmayolet.com\/wp-content\/uploads\/2026\/04\/andreu-genestra-agroturismo-mayolet-mallorca-1024x1024.jpg 1024w, https:\/\/esmayolet.com\/wp-content\/uploads\/2026\/04\/andreu-genestra-agroturismo-mayolet-mallorca-150x150.jpg 150w, https:\/\/esmayolet.com\/wp-content\/uploads\/2026\/04\/andreu-genestra-agroturismo-mayolet-mallorca-768x768.jpg 768w, https:\/\/esmayolet.com\/wp-content\/uploads\/2026\/04\/andreu-genestra-agroturismo-mayolet-mallorca-12x12.jpg 12w\" sizes=\"(max-width: 1200px) 100vw, 1200px\" \/>\t\t\t\t\t\t\t\t\t\t\t\t\t\t\t<\/div>\n\t\t\t\t<\/div>\n\t\t\t\t<\/div>\n\t\t<div class=\"elementor-element elementor-element-7d90019e e-con-full e-flex wpr-particle-no wpr-jarallax-no wpr-parallax-no wpr-sticky-section-no wpr-equal-height-no elementor-invisible e-con e-child\" data-id=\"7d90019e\" data-element_type=\"container\" data-e-type=\"container\" data-settings=\"{&quot;animation&quot;:&quot;fadeIn&quot;,&quot;animation_tablet&quot;:&quot;fadeIn&quot;}\">\n\t\t\t\t<div class=\"elementor-element elementor-element-8d5f313 elementor-widget elementor-widget-heading\" data-id=\"8d5f313\" data-element_type=\"widget\" data-e-type=\"widget\" data-widget_type=\"heading.default\">\n\t\t\t\t<div class=\"elementor-widget-container\">\n\t\t\t\t\t<h2 class=\"elementor-heading-title elementor-size-default\">Cocina Mediterr\u00e1nea con Producto Local<\/h2>\t\t\t\t<\/div>\n\t\t\t\t<\/div>\n\t\t\t\t<div class=\"elementor-element elementor-element-50e77f38 elementor-widget elementor-widget-text-editor\" data-id=\"50e77f38\" data-element_type=\"widget\" data-e-type=\"widget\" data-widget_type=\"text-editor.default\">\n\t\t\t\t<div class=\"elementor-widget-container\">\n\t\t\t\t\t\t\t\t\t<p>Nuestra propuesta se basa en una cocina mediterr\u00e1nea honesta, donde el producto local, ecol\u00f3gico y de temporada marca el camino.<\/p><p>Trabajamos bajo el concepto del huerto a la mesa, seleccionando ingredientes de proximidad para garantizar frescura, sabor y autenticidad. Verduras del propio huerto, productos locales y elaboraciones sencillas que respetan el origen.<\/p>\t\t\t\t\t\t\t\t<\/div>\n\t\t\t\t<\/div>\n\t\t\t\t<div class=\"elementor-element elementor-element-ba0a67b elementor-mobile-align-left elementor-align-left elementor-widget elementor-widget-button\" data-id=\"ba0a67b\" data-element_type=\"widget\" data-e-type=\"widget\" data-widget_type=\"button.default\">\n\t\t\t\t<div class=\"elementor-widget-container\">\n\t\t\t\t\t\t\t\t\t<div class=\"elementor-button-wrapper\">\n\t\t\t\t\t<a class=\"elementor-button elementor-button-link elementor-size-sm\" href=\"https:\/\/esmayolet.com\/wp-content\/uploads\/2026\/04\/RESTAURANTE-MAYOLET-1_compressed-1.pdf\">\n\t\t\t\t\t\t<span class=\"elementor-button-content-wrapper\">\n\t\t\t\t\t\t\t\t\t<span class=\"elementor-button-text\">Ver Carta<\/span>\n\t\t\t\t\t<\/span>\n\t\t\t\t\t<\/a>\n\t\t\t\t<\/div>\n\t\t\t\t\t\t\t\t<\/div>\n\t\t\t\t<\/div>\n\t\t\t\t<\/div>\n\t\t\t\t\t<\/div>\n\t\t\t\t<\/div>\n\t\t<div class=\"elementor-element elementor-element-41f7d02a e-grid e-con-full wpr-particle-no wpr-jarallax-no wpr-parallax-no wpr-sticky-section-no wpr-equal-height-no e-con e-parent\" data-id=\"41f7d02a\" data-element_type=\"container\" data-e-type=\"container\">\n\t\t\t\t<div class=\"elementor-element elementor-element-38abbe74 elementor-widget elementor-widget-image-gallery\" data-id=\"38abbe74\" data-element_type=\"widget\" data-e-type=\"widget\" data-widget_type=\"image-gallery.default\">\n\t\t\t\t<div class=\"elementor-widget-container\">\n\t\t\t\t\t\t\t<div class=\"elementor-image-gallery\">\n\t\t\t<div id='gallery-1' class='gallery galleryid-4615 gallery-columns-4 gallery-size-full'><figure class='gallery-item'>\n\t\t\t<div class='gallery-icon portrait'>\n\t\t\t\t<img decoding=\"async\" width=\"1000\" height=\"1250\" src=\"https:\/\/esmayolet.com\/wp-content\/uploads\/2026\/04\/gastronomia-agroturismo-mallorca-mayolet.jpg\" class=\"attachment-full size-full\" alt=\"\" srcset=\"https:\/\/esmayolet.com\/wp-content\/uploads\/2026\/04\/gastronomia-agroturismo-mallorca-mayolet.jpg 1000w, https:\/\/esmayolet.com\/wp-content\/uploads\/2026\/04\/gastronomia-agroturismo-mallorca-mayolet-240x300.jpg 240w, https:\/\/esmayolet.com\/wp-content\/uploads\/2026\/04\/gastronomia-agroturismo-mallorca-mayolet-819x1024.jpg 819w, https:\/\/esmayolet.com\/wp-content\/uploads\/2026\/04\/gastronomia-agroturismo-mallorca-mayolet-768x960.jpg 768w, https:\/\/esmayolet.com\/wp-content\/uploads\/2026\/04\/gastronomia-agroturismo-mallorca-mayolet-10x12.jpg 10w\" sizes=\"(max-width: 1000px) 100vw, 1000px\" \/>\n\t\t\t<\/div><\/figure><figure class='gallery-item'>\n\t\t\t<div class='gallery-icon portrait'>\n\t\t\t\t<img loading=\"lazy\" decoding=\"async\" width=\"1000\" height=\"1250\" src=\"https:\/\/esmayolet.com\/wp-content\/uploads\/2026\/04\/experiencia-mayolet-finca-rural-mallorca.jpg\" class=\"attachment-full size-full\" alt=\"\" srcset=\"https:\/\/esmayolet.com\/wp-content\/uploads\/2026\/04\/experiencia-mayolet-finca-rural-mallorca.jpg 1000w, https:\/\/esmayolet.com\/wp-content\/uploads\/2026\/04\/experiencia-mayolet-finca-rural-mallorca-240x300.jpg 240w, https:\/\/esmayolet.com\/wp-content\/uploads\/2026\/04\/experiencia-mayolet-finca-rural-mallorca-819x1024.jpg 819w, https:\/\/esmayolet.com\/wp-content\/uploads\/2026\/04\/experiencia-mayolet-finca-rural-mallorca-768x960.jpg 768w, https:\/\/esmayolet.com\/wp-content\/uploads\/2026\/04\/experiencia-mayolet-finca-rural-mallorca-10x12.jpg 10w\" sizes=\"(max-width: 1000px) 100vw, 1000px\" \/>\n\t\t\t<\/div><\/figure><figure class='gallery-item'>\n\t\t\t<div class='gallery-icon portrait'>\n\t\t\t\t<img loading=\"lazy\" decoding=\"async\" width=\"1000\" height=\"1250\" src=\"https:\/\/esmayolet.com\/wp-content\/uploads\/2026\/04\/comida-agroturismo-mallorca-mayolet.jpg\" class=\"attachment-full size-full\" alt=\"\" srcset=\"https:\/\/esmayolet.com\/wp-content\/uploads\/2026\/04\/comida-agroturismo-mallorca-mayolet.jpg 1000w, https:\/\/esmayolet.com\/wp-content\/uploads\/2026\/04\/comida-agroturismo-mallorca-mayolet-240x300.jpg 240w, https:\/\/esmayolet.com\/wp-content\/uploads\/2026\/04\/comida-agroturismo-mallorca-mayolet-819x1024.jpg 819w, https:\/\/esmayolet.com\/wp-content\/uploads\/2026\/04\/comida-agroturismo-mallorca-mayolet-768x960.jpg 768w, https:\/\/esmayolet.com\/wp-content\/uploads\/2026\/04\/comida-agroturismo-mallorca-mayolet-10x12.jpg 10w\" sizes=\"(max-width: 1000px) 100vw, 1000px\" \/>\n\t\t\t<\/div><\/figure><figure class='gallery-item'>\n\t\t\t<div class='gallery-icon portrait'>\n\t\t\t\t<img loading=\"lazy\" decoding=\"async\" width=\"800\" height=\"1000\" src=\"https:\/\/esmayolet.com\/wp-content\/uploads\/2026\/04\/desayunos-agroturismo-mallorca-mayolet.jpg\" class=\"attachment-full size-full\" alt=\"\" srcset=\"https:\/\/esmayolet.com\/wp-content\/uploads\/2026\/04\/desayunos-agroturismo-mallorca-mayolet.jpg 800w, https:\/\/esmayolet.com\/wp-content\/uploads\/2026\/04\/desayunos-agroturismo-mallorca-mayolet-240x300.jpg 240w, https:\/\/esmayolet.com\/wp-content\/uploads\/2026\/04\/desayunos-agroturismo-mallorca-mayolet-768x960.jpg 768w, https:\/\/esmayolet.com\/wp-content\/uploads\/2026\/04\/desayunos-agroturismo-mallorca-mayolet-10x12.jpg 10w\" sizes=\"(max-width: 800px) 100vw, 800px\" \/>\n\t\t\t<\/div><\/figure>\n\t\t<\/div>\n\t\t<\/div>\n\t\t\t\t\t\t<\/div>\n\t\t\t\t<\/div>\n\t\t\t\t<\/div>\n\t\t<div class=\"elementor-element elementor-element-6d129e44 e-flex e-con-boxed wpr-particle-no wpr-jarallax-no wpr-parallax-no wpr-sticky-section-no wpr-equal-height-no e-con e-parent\" data-id=\"6d129e44\" data-element_type=\"container\" data-e-type=\"container\">\n\t\t\t\t\t<div class=\"e-con-inner\">\n\t\t<div class=\"elementor-element elementor-element-161020fa e-con-full elementor-hidden-tablet e-flex wpr-particle-no wpr-jarallax-no wpr-parallax-no wpr-sticky-section-no wpr-equal-height-no e-con e-child\" data-id=\"161020fa\" data-element_type=\"container\" data-e-type=\"container\">\n\t\t\t\t<div class=\"elementor-element elementor-element-56330cc2 elementor-invisible elementor-widget elementor-widget-image\" data-id=\"56330cc2\" data-element_type=\"widget\" data-e-type=\"widget\" data-settings=\"{&quot;_animation&quot;:&quot;fadeIn&quot;}\" data-widget_type=\"image.default\">\n\t\t\t\t<div class=\"elementor-widget-container\">\n\t\t\t\t\t\t\t\t\t\t\t\t\t\t\t<img loading=\"lazy\" decoding=\"async\" width=\"800\" height=\"1200\" src=\"https:\/\/esmayolet.com\/wp-content\/uploads\/2026\/04\/mayolet-agroturismo-gastronomia.jpg\" class=\"attachment-full size-full wp-image-4696\" alt=\"\" srcset=\"https:\/\/esmayolet.com\/wp-content\/uploads\/2026\/04\/mayolet-agroturismo-gastronomia.jpg 800w, https:\/\/esmayolet.com\/wp-content\/uploads\/2026\/04\/mayolet-agroturismo-gastronomia-200x300.jpg 200w, https:\/\/esmayolet.com\/wp-content\/uploads\/2026\/04\/mayolet-agroturismo-gastronomia-683x1024.jpg 683w, https:\/\/esmayolet.com\/wp-content\/uploads\/2026\/04\/mayolet-agroturismo-gastronomia-768x1152.jpg 768w, https:\/\/esmayolet.com\/wp-content\/uploads\/2026\/04\/mayolet-agroturismo-gastronomia-8x12.jpg 8w\" sizes=\"(max-width: 800px) 100vw, 800px\" \/>\t\t\t\t\t\t\t\t\t\t\t\t\t\t\t<\/div>\n\t\t\t\t<\/div>\n\t\t\t\t<\/div>\n\t\t<div class=\"elementor-element elementor-element-400da1cb e-con-full e-flex wpr-particle-no wpr-jarallax-no wpr-parallax-no wpr-sticky-section-no wpr-equal-height-no e-con e-child\" data-id=\"400da1cb\" data-element_type=\"container\" data-e-type=\"container\">\n\t\t\t\t<div class=\"elementor-element elementor-element-3e9eb594 elementor-widget elementor-widget-heading\" data-id=\"3e9eb594\" data-element_type=\"widget\" data-e-type=\"widget\" data-widget_type=\"heading.default\">\n\t\t\t\t<div class=\"elementor-widget-container\">\n\t\t\t\t\t<h2 class=\"elementor-heading-title elementor-size-default\">Una Experiencia Gastron\u00f3mica \u00danica<\/h2>\t\t\t\t<\/div>\n\t\t\t\t<\/div>\n\t\t\t\t<div class=\"elementor-element elementor-element-1582868d elementor-widget elementor-widget-text-editor\" data-id=\"1582868d\" data-element_type=\"widget\" data-e-type=\"widget\" data-widget_type=\"text-editor.default\">\n\t\t\t\t<div class=\"elementor-widget-container\">\n\t\t\t\t\t\t\t\t\t<p>Comer en Sa Vinya d&#8217;es Mayolet es detener el tiempo. Es sentarse, observar el paisaje y dejarse llevar por una experiencia pensada para disfrutar sin prisas.<\/p><p>La propuesta gastron\u00f3mica, de la mano de Andreu Genestra, eleva cada detalle sin perder la autenticidad. Una cocina que combina t\u00e9cnica, sensibilidad y respeto absoluto por el producto.<\/p><p>Nuestro restaurante est\u00e1 abierto tanto a hu\u00e9spedes como a visitantes que buscan una experiencia gastron\u00f3mica en Mallorca diferente, lejos de lo convencional.<\/p><p>Aqu\u00ed, cada servicio es \u00fanico. Porque cada d\u00eda el producto cambia, y con \u00e9l, la propuesta.<\/p>\t\t\t\t\t\t\t\t<\/div>\n\t\t\t\t<\/div>\n\t\t\t\t<div class=\"elementor-element elementor-element-31481ec7 elementor-invisible elementor-widget elementor-widget-image\" data-id=\"31481ec7\" data-element_type=\"widget\" data-e-type=\"widget\" data-settings=\"{&quot;_animation&quot;:&quot;fadeIn&quot;}\" data-widget_type=\"image.default\">\n\t\t\t\t<div class=\"elementor-widget-container\">\n\t\t\t\t\t\t\t\t\t\t\t\t\t\t\t<img loading=\"lazy\" decoding=\"async\" width=\"1500\" height=\"1020\" src=\"https:\/\/esmayolet.com\/wp-content\/uploads\/2026\/04\/comida-ecologica-finca-hotel-mayolet-mallorca.jpg\" class=\"attachment-full size-full wp-image-4675\" alt=\"\" srcset=\"https:\/\/esmayolet.com\/wp-content\/uploads\/2026\/04\/comida-ecologica-finca-hotel-mayolet-mallorca.jpg 1500w, https:\/\/esmayolet.com\/wp-content\/uploads\/2026\/04\/comida-ecologica-finca-hotel-mayolet-mallorca-300x204.jpg 300w, https:\/\/esmayolet.com\/wp-content\/uploads\/2026\/04\/comida-ecologica-finca-hotel-mayolet-mallorca-1024x696.jpg 1024w, https:\/\/esmayolet.com\/wp-content\/uploads\/2026\/04\/comida-ecologica-finca-hotel-mayolet-mallorca-768x522.jpg 768w, https:\/\/esmayolet.com\/wp-content\/uploads\/2026\/04\/comida-ecologica-finca-hotel-mayolet-mallorca-18x12.jpg 18w\" sizes=\"(max-width: 1500px) 100vw, 1500px\" \/>\t\t\t\t\t\t\t\t\t\t\t\t\t\t\t<\/div>\n\t\t\t\t<\/div>\n\t\t\t\t<\/div>\n\t\t\t\t\t<\/div>\n\t\t\t\t<\/div>\n\t\t<div class=\"elementor-element elementor-element-30ea15ca e-flex e-con-boxed wpr-particle-no wpr-jarallax-no wpr-parallax-no wpr-sticky-section-no wpr-equal-height-no e-con e-parent\" data-id=\"30ea15ca\" data-element_type=\"container\" data-e-type=\"container\" data-settings=\"{&quot;background_background&quot;:&quot;classic&quot;}\">\n\t\t\t\t\t<div class=\"e-con-inner\">\n\t\t<div class=\"elementor-element elementor-element-569f186b e-con-full e-flex wpr-particle-no wpr-jarallax-no wpr-parallax-no wpr-sticky-section-no wpr-equal-height-no e-con e-child\" data-id=\"569f186b\" data-element_type=\"container\" data-e-type=\"container\">\n\t\t\t\t<div class=\"elementor-element elementor-element-2bcd01e6 elementor-widget elementor-widget-heading\" data-id=\"2bcd01e6\" data-element_type=\"widget\" data-e-type=\"widget\" data-widget_type=\"heading.default\">\n\t\t\t\t<div class=\"elementor-widget-container\">\n\t\t\t\t\t<h2 class=\"elementor-heading-title elementor-size-default\">\u201cTable d\u2019H\u00f4te\u201d: Men\u00fa Degustaci\u00f3n en Mallorca<\/h2>\t\t\t\t<\/div>\n\t\t\t\t<\/div>\n\t\t\t\t<div class=\"elementor-element elementor-element-247df0b9 elementor-widget elementor-widget-text-editor\" data-id=\"247df0b9\" data-element_type=\"widget\" data-e-type=\"widget\" data-widget_type=\"text-editor.default\">\n\t\t\t\t<div class=\"elementor-widget-container\">\n\t\t\t\t\t\t\t\t\t<p data-start=\"2352\" data-end=\"2516\">Cada d\u00eda ofrecemos nuestra experiencia \u201cTable d\u2019H\u00f4te\u201d, un men\u00fa degustaci\u00f3n de 4 platos que evoluciona seg\u00fan el producto disponible y la inspiraci\u00f3n del momento.<\/p><p data-start=\"2518\" data-end=\"2653\">No hay carta fija. No hay prisas. Solo una propuesta que fluye con la temporada y que invita a descubrir nuevos sabores en cada visita.<\/p><p data-start=\"2655\" data-end=\"2817\">Este formato permite vivir una experiencia gastron\u00f3mica completa en Mallorca, donde cada plato forma parte de un recorrido pensado para sorprender y conectar.<\/p><p data-start=\"2819\" data-end=\"2845\">Ideal para quienes buscan:<\/p><ul data-start=\"2846\" data-end=\"2980\"><li data-section-id=\"1wc0i5b\" data-start=\"2846\" data-end=\"2897\">Un restaurante con men\u00fa degustaci\u00f3n en Mallorca<\/li><li data-section-id=\"hwqk9q\" data-start=\"2898\" data-end=\"2940\">Cocina de temporada con producto local<\/li><li data-section-id=\"zuop4x\" data-start=\"2941\" data-end=\"2980\">Una experiencia diferente y cuidada<\/li><\/ul>\t\t\t\t\t\t\t\t<\/div>\n\t\t\t\t<\/div>\n\t\t\t\t<\/div>\n\t\t\t\t\t<\/div>\n\t\t\t\t<\/div>\n\t\t<div class=\"elementor-element elementor-element-4fb88d7f e-flex e-con-boxed wpr-particle-no wpr-jarallax-no wpr-parallax-no wpr-sticky-section-no wpr-equal-height-no e-con e-parent\" data-id=\"4fb88d7f\" data-element_type=\"container\" data-e-type=\"container\" data-settings=\"{&quot;background_background&quot;:&quot;classic&quot;}\">\n\t\t\t\t\t<div class=\"e-con-inner\">\n\t\t\t\t<div class=\"elementor-element elementor-element-1722a5c8 elementor-widget elementor-widget-spacer\" data-id=\"1722a5c8\" data-element_type=\"widget\" data-e-type=\"widget\" data-widget_type=\"spacer.default\">\n\t\t\t\t<div class=\"elementor-widget-container\">\n\t\t\t\t\t\t\t<div class=\"elementor-spacer\">\n\t\t\t<div class=\"elementor-spacer-inner\"><\/div>\n\t\t<\/div>\n\t\t\t\t\t\t<\/div>\n\t\t\t\t<\/div>\n\t\t\t\t\t<\/div>\n\t\t\t\t<\/div>\n\t\t<div class=\"elementor-element elementor-element-46a690b0 e-flex e-con-boxed wpr-particle-no wpr-jarallax-no wpr-parallax-no wpr-sticky-section-no wpr-equal-height-no e-con e-parent\" data-id=\"46a690b0\" data-element_type=\"container\" data-e-type=\"container\">\n\t\t\t\t\t<div class=\"e-con-inner\">\n\t\t<div class=\"elementor-element elementor-element-3123a9e e-con-full e-flex wpr-particle-no wpr-jarallax-no wpr-parallax-no wpr-sticky-section-no wpr-equal-height-no e-con e-child\" data-id=\"3123a9e\" data-element_type=\"container\" data-e-type=\"container\">\n\t\t\t\t<div class=\"elementor-element elementor-element-17f085fa elementor-widget elementor-widget-heading\" data-id=\"17f085fa\" data-element_type=\"widget\" data-e-type=\"widget\" data-widget_type=\"heading.default\">\n\t\t\t\t<div class=\"elementor-widget-container\">\n\t\t\t\t\t<h2 class=\"elementor-heading-title elementor-size-default\">Un Restaurante en Mallorca Abierto a Todos<\/h2>\t\t\t\t<\/div>\n\t\t\t\t<\/div>\n\t\t\t\t<div class=\"elementor-element elementor-element-4fe8ff1 elementor-widget elementor-widget-text-editor\" data-id=\"4fe8ff1\" data-element_type=\"widget\" data-e-type=\"widget\" data-widget_type=\"text-editor.default\">\n\t\t\t\t<div class=\"elementor-widget-container\">\n\t\t\t\t\t\t\t\t\t<p>Nuestra mesa est\u00e1 abierta a todos. Tanto si te alojas en la finca como si vienes expresamente, Sa Vinya d&#8217;es Mayolet es un lugar donde disfrutar de la gastronom\u00eda en un entorno \u00fanico.<\/p><p>Lejos del ruido y del turismo masificado, aqu\u00ed encontrar\u00e1s un espacio donde la experiencia va m\u00e1s all\u00e1 de la comida.<\/p><p>Un restaurante en Mallorca donde el entorno acompa\u00f1a, el producto habla y el tiempo se detiene.<\/p>\t\t\t\t\t\t\t\t<\/div>\n\t\t\t\t<\/div>\n\t\t\t\t<div class=\"elementor-element elementor-element-49ce65 elementor-invisible elementor-widget elementor-widget-image\" data-id=\"49ce65\" data-element_type=\"widget\" data-e-type=\"widget\" data-settings=\"{&quot;_animation&quot;:&quot;fadeIn&quot;}\" data-widget_type=\"image.default\">\n\t\t\t\t<div class=\"elementor-widget-container\">\n\t\t\t\t\t\t\t\t\t\t\t\t\t\t\t<img loading=\"lazy\" decoding=\"async\" width=\"1500\" height=\"1000\" src=\"https:\/\/esmayolet.com\/wp-content\/uploads\/2026\/04\/gastronomia-loca-mayolet.jpg\" class=\"attachment-full size-full wp-image-4691\" alt=\"\" srcset=\"https:\/\/esmayolet.com\/wp-content\/uploads\/2026\/04\/gastronomia-loca-mayolet.jpg 1500w, https:\/\/esmayolet.com\/wp-content\/uploads\/2026\/04\/gastronomia-loca-mayolet-300x200.jpg 300w, https:\/\/esmayolet.com\/wp-content\/uploads\/2026\/04\/gastronomia-loca-mayolet-1024x683.jpg 1024w, https:\/\/esmayolet.com\/wp-content\/uploads\/2026\/04\/gastronomia-loca-mayolet-768x512.jpg 768w, https:\/\/esmayolet.com\/wp-content\/uploads\/2026\/04\/gastronomia-loca-mayolet-18x12.jpg 18w\" sizes=\"(max-width: 1500px) 100vw, 1500px\" \/>\t\t\t\t\t\t\t\t\t\t\t\t\t\t\t<\/div>\n\t\t\t\t<\/div>\n\t\t\t\t<\/div>\n\t\t<div class=\"elementor-element elementor-element-51470e4d e-con-full elementor-hidden-tablet elementor-hidden-mobile e-flex wpr-particle-no wpr-jarallax-no wpr-parallax-no wpr-sticky-section-no wpr-equal-height-no e-con e-child\" data-id=\"51470e4d\" data-element_type=\"container\" data-e-type=\"container\">\n\t\t\t\t<div class=\"elementor-element elementor-element-7ff942b9 elementor-invisible elementor-widget elementor-widget-image\" data-id=\"7ff942b9\" data-element_type=\"widget\" data-e-type=\"widget\" data-settings=\"{&quot;_animation&quot;:&quot;fadeIn&quot;}\" data-widget_type=\"image.default\">\n\t\t\t\t<div class=\"elementor-widget-container\">\n\t\t\t\t\t\t\t\t\t\t\t\t\t\t\t<img loading=\"lazy\" decoding=\"async\" width=\"1023\" height=\"1536\" src=\"https:\/\/esmayolet.com\/wp-content\/uploads\/2026\/04\/gastronomia-finca-hotel-mayolet-mallorca.jpg\" class=\"attachment-full size-full wp-image-4671\" alt=\"\" srcset=\"https:\/\/esmayolet.com\/wp-content\/uploads\/2026\/04\/gastronomia-finca-hotel-mayolet-mallorca.jpg 1023w, https:\/\/esmayolet.com\/wp-content\/uploads\/2026\/04\/gastronomia-finca-hotel-mayolet-mallorca-200x300.jpg 200w, https:\/\/esmayolet.com\/wp-content\/uploads\/2026\/04\/gastronomia-finca-hotel-mayolet-mallorca-682x1024.jpg 682w, https:\/\/esmayolet.com\/wp-content\/uploads\/2026\/04\/gastronomia-finca-hotel-mayolet-mallorca-768x1153.jpg 768w, https:\/\/esmayolet.com\/wp-content\/uploads\/2026\/04\/gastronomia-finca-hotel-mayolet-mallorca-8x12.jpg 8w\" sizes=\"(max-width: 1023px) 100vw, 1023px\" \/>\t\t\t\t\t\t\t\t\t\t\t\t\t\t\t<\/div>\n\t\t\t\t<\/div>\n\t\t\t\t<\/div>\n\t\t\t\t\t<\/div>\n\t\t\t\t<\/div>\n\t\t\t\t<\/div>\n\t\t","protected":false},"excerpt":{"rendered":"<p>Restaurante Sa Vinya d&#8217;es Mayolet Aqu\u00ed, cada plato cuenta una historia. Una historia que empieza en el huerto, sigue en los mercados locales y termina en la mesa, donde el sabor se convierte en el verdadero protagonista. Reservar tu Mesa Cocina Mediterr\u00e1nea con Producto Local Nuestra propuesta se basa en una cocina mediterr\u00e1nea honesta, donde el producto local, ecol\u00f3gico y de temporada marca el camino. Trabajamos bajo el concepto del huerto a la mesa, seleccionando ingredientes de proximidad para garantizar frescura, sabor y autenticidad. Verduras del propio huerto, productos locales y elaboraciones sencillas que respetan el origen. Ver Carta Una Experiencia Gastron\u00f3mica \u00danica Comer en Sa Vinya d&#8217;es Mayolet es detener el tiempo. Es sentarse, observar el paisaje y dejarse llevar por una experiencia pensada para disfrutar sin prisas. La propuesta gastron\u00f3mica, de la mano de Andreu Genestra, eleva cada detalle sin perder la autenticidad. Una cocina que combina t\u00e9cnica, sensibilidad y respeto absoluto por el producto. Nuestro restaurante est\u00e1 abierto tanto a hu\u00e9spedes como a visitantes que buscan una experiencia gastron\u00f3mica en Mallorca diferente, lejos de lo convencional. Aqu\u00ed, cada servicio es \u00fanico. Porque cada d\u00eda el producto cambia, y con \u00e9l, la propuesta. \u201cTable d\u2019H\u00f4te\u201d: Men\u00fa Degustaci\u00f3n en Mallorca Cada d\u00eda ofrecemos nuestra experiencia \u201cTable d\u2019H\u00f4te\u201d, un men\u00fa degustaci\u00f3n de 4 platos que evoluciona seg\u00fan el producto disponible y la inspiraci\u00f3n del momento. No hay carta fija. No hay prisas. Solo una propuesta que fluye con la temporada y que invita a descubrir nuevos sabores en cada visita. Este formato permite vivir una experiencia gastron\u00f3mica completa en Mallorca, donde cada plato forma parte de un recorrido pensado para sorprender y conectar. Ideal para quienes buscan: Un restaurante con men\u00fa degustaci\u00f3n en Mallorca Cocina de temporada con producto local Una experiencia diferente y cuidada Un Restaurante en Mallorca Abierto a Todos Nuestra mesa est\u00e1 abierta a todos. Tanto si te alojas en la finca como si vienes expresamente, Sa Vinya d&#8217;es Mayolet es un lugar donde disfrutar de la gastronom\u00eda en un entorno \u00fanico. Lejos del ruido y del turismo masificado, aqu\u00ed encontrar\u00e1s un espacio donde la experiencia va m\u00e1s all\u00e1 de la comida. Un restaurante en Mallorca donde el entorno acompa\u00f1a, el producto habla y el tiempo se detiene.<\/p>","protected":false},"author":3,"featured_media":0,"parent":0,"menu_order":0,"comment_status":"closed","ping_status":"closed","template":"","meta":{"postBodyCss":"","postBodyMargin":[],"postBodyPadding":[],"postBodyBackground":{"backgroundType":"classic","gradient":""},"_joinchat":[],"footnotes":""},"class_list":["post-4615","page","type-page","status-publish","hentry"],"yoast_head":"<!-- This site is optimized with the Yoast SEO plugin v27.4 - https:\/\/yoast.com\/product\/yoast-seo-wordpress\/ -->\n<title>Gastronom\u00eda - Finca Es Mayolet<\/title>\n<meta name=\"description\" content=\"Si buscas un restaurante en Mallorca diferente, donde la cocina mediterr\u00e1nea se vive desde la ra\u00edz, Mayolet es ese lugar.\" \/>\n<meta name=\"robots\" content=\"index, follow, max-snippet:-1, max-image-preview:large, max-video-preview:-1\" \/>\n<link rel=\"canonical\" href=\"https:\/\/esmayolet.com\/de\/gastronomie\/\" \/>\n<meta property=\"og:locale\" content=\"de_DE\" \/>\n<meta property=\"og:type\" content=\"article\" \/>\n<meta property=\"og:title\" content=\"Gastronom\u00eda - Finca Es Mayolet\" \/>\n<meta property=\"og:description\" content=\"Si buscas un restaurante en Mallorca diferente, donde la cocina mediterr\u00e1nea se vive desde la ra\u00edz, Mayolet es ese lugar.\" \/>\n<meta property=\"og:url\" content=\"https:\/\/esmayolet.com\/de\/gastronomie\/\" \/>\n<meta property=\"og:site_name\" content=\"Finca Es Mayolet\" \/>\n<meta property=\"article:publisher\" content=\"https:\/\/www.facebook.com\/people\/Finca-Es-Mayolet\/\" \/>\n<meta property=\"article:modified_time\" content=\"2026-04-30T12:43:29+00:00\" \/>\n<meta property=\"og:image\" content=\"https:\/\/esmayolet.com\/wp-content\/uploads\/2026\/04\/agroturismo-mallorca-manacor.jpg\" \/>\n\t<meta property=\"og:image:width\" content=\"1000\" \/>\n\t<meta property=\"og:image:height\" content=\"1000\" \/>\n\t<meta property=\"og:image:type\" content=\"image\/jpeg\" \/>\n<meta name=\"twitter:card\" content=\"summary_large_image\" \/>\n<meta name=\"twitter:label1\" content=\"Gesch\u00e4tzte Lesezeit\" \/>\n\t<meta name=\"twitter:data1\" content=\"4\u00a0Minuten\" \/>\n<script type=\"application\/ld+json\" class=\"yoast-schema-graph\">{\"@context\":\"https:\\\/\\\/schema.org\",\"@graph\":[{\"@type\":\"WebPage\",\"@id\":\"https:\\\/\\\/esmayolet.com\\\/gastronomia\\\/\",\"url\":\"https:\\\/\\\/esmayolet.com\\\/gastronomia\\\/\",\"name\":\"Gastronom\u00eda - Finca Es Mayolet\",\"isPartOf\":{\"@id\":\"https:\\\/\\\/esmayolet.com\\\/#website\"},\"primaryImageOfPage\":{\"@id\":\"https:\\\/\\\/esmayolet.com\\\/gastronomia\\\/#primaryimage\"},\"image\":{\"@id\":\"https:\\\/\\\/esmayolet.com\\\/gastronomia\\\/#primaryimage\"},\"thumbnailUrl\":\"https:\\\/\\\/esmayolet.com\\\/wp-content\\\/uploads\\\/2026\\\/04\\\/agroturismo-mallorca-manacor.jpg\",\"datePublished\":\"2026-04-21T09:15:35+00:00\",\"dateModified\":\"2026-04-30T12:43:29+00:00\",\"description\":\"Si buscas un restaurante en Mallorca diferente, donde la cocina mediterr\u00e1nea se vive desde la ra\u00edz, Mayolet es ese lugar.\",\"breadcrumb\":{\"@id\":\"https:\\\/\\\/esmayolet.com\\\/gastronomia\\\/#breadcrumb\"},\"inLanguage\":\"de\",\"potentialAction\":[{\"@type\":\"ReadAction\",\"target\":[\"https:\\\/\\\/esmayolet.com\\\/gastronomia\\\/\"]}]},{\"@type\":\"ImageObject\",\"inLanguage\":\"de\",\"@id\":\"https:\\\/\\\/esmayolet.com\\\/gastronomia\\\/#primaryimage\",\"url\":\"https:\\\/\\\/esmayolet.com\\\/wp-content\\\/uploads\\\/2026\\\/04\\\/agroturismo-mallorca-manacor.jpg\",\"contentUrl\":\"https:\\\/\\\/esmayolet.com\\\/wp-content\\\/uploads\\\/2026\\\/04\\\/agroturismo-mallorca-manacor.jpg\"},{\"@type\":\"BreadcrumbList\",\"@id\":\"https:\\\/\\\/esmayolet.com\\\/gastronomia\\\/#breadcrumb\",\"itemListElement\":[{\"@type\":\"ListItem\",\"position\":1,\"name\":\"Portada\",\"item\":\"https:\\\/\\\/esmayolet.com\\\/\"},{\"@type\":\"ListItem\",\"position\":2,\"name\":\"Gastronom\u00eda\"}]},{\"@type\":\"WebSite\",\"@id\":\"https:\\\/\\\/esmayolet.com\\\/#website\",\"url\":\"https:\\\/\\\/esmayolet.com\\\/\",\"name\":\"Finca Es Mayolet\",\"description\":\"Agroturismo con encanto en Mallorca.\",\"publisher\":{\"@id\":\"https:\\\/\\\/esmayolet.com\\\/#organization\"},\"potentialAction\":[{\"@type\":\"SearchAction\",\"target\":{\"@type\":\"EntryPoint\",\"urlTemplate\":\"https:\\\/\\\/esmayolet.com\\\/?s={search_term_string}\"},\"query-input\":{\"@type\":\"PropertyValueSpecification\",\"valueRequired\":true,\"valueName\":\"search_term_string\"}}],\"inLanguage\":\"de\"},{\"@type\":\"Organization\",\"@id\":\"https:\\\/\\\/esmayolet.com\\\/#organization\",\"name\":\"Finca Es Mayolet\",\"url\":\"https:\\\/\\\/esmayolet.com\\\/\",\"logo\":{\"@type\":\"ImageObject\",\"inLanguage\":\"de\",\"@id\":\"https:\\\/\\\/esmayolet.com\\\/#\\\/schema\\\/logo\\\/image\\\/\",\"url\":\"https:\\\/\\\/esmayolet.com\\\/wp-content\\\/uploads\\\/2026\\\/01\\\/cropped-SVG_MAYOLET_AZUL.png\",\"contentUrl\":\"https:\\\/\\\/esmayolet.com\\\/wp-content\\\/uploads\\\/2026\\\/01\\\/cropped-SVG_MAYOLET_AZUL.png\",\"width\":435,\"height\":383,\"caption\":\"Finca Es Mayolet\"},\"image\":{\"@id\":\"https:\\\/\\\/esmayolet.com\\\/#\\\/schema\\\/logo\\\/image\\\/\"},\"sameAs\":[\"https:\\\/\\\/www.facebook.com\\\/people\\\/Finca-Es-Mayolet\\\/\"]}]}<\/script>\n<!-- \/ Yoast SEO plugin. -->","yoast_head_json":{"title":"Gastronomie - Finca Es Mayolet","description":"Wenn Sie auf Mallorca ein etwas anderes Restaurant suchen, in dem Sie die mediterrane K\u00fcche von ihrer urspr\u00fcnglichen Seite erleben k\u00f6nnen, dann ist Mayolet genau der richtige Ort f\u00fcr Sie.","robots":{"index":"index","follow":"follow","max-snippet":"max-snippet:-1","max-image-preview":"max-image-preview:large","max-video-preview":"max-video-preview:-1"},"canonical":"https:\/\/esmayolet.com\/de\/gastronomie\/","og_locale":"de_DE","og_type":"article","og_title":"Gastronom\u00eda - Finca Es Mayolet","og_description":"Si buscas un restaurante en Mallorca diferente, donde la cocina mediterr\u00e1nea se vive desde la ra\u00edz, Mayolet es ese lugar.","og_url":"https:\/\/esmayolet.com\/de\/gastronomie\/","og_site_name":"Finca Es Mayolet","article_publisher":"https:\/\/www.facebook.com\/people\/Finca-Es-Mayolet\/","article_modified_time":"2026-04-30T12:43:29+00:00","og_image":[{"width":1000,"height":1000,"url":"https:\/\/esmayolet.com\/wp-content\/uploads\/2026\/04\/agroturismo-mallorca-manacor.jpg","type":"image\/jpeg"}],"twitter_card":"summary_large_image","twitter_misc":{"Gesch\u00e4tzte Lesezeit":"4\u00a0Minuten"},"schema":{"@context":"https:\/\/schema.org","@graph":[{"@type":"WebPage","@id":"https:\/\/esmayolet.com\/gastronomia\/","url":"https:\/\/esmayolet.com\/gastronomia\/","name":"Gastronomie - Finca Es Mayolet","isPartOf":{"@id":"https:\/\/esmayolet.com\/#website"},"primaryImageOfPage":{"@id":"https:\/\/esmayolet.com\/gastronomia\/#primaryimage"},"image":{"@id":"https:\/\/esmayolet.com\/gastronomia\/#primaryimage"},"thumbnailUrl":"https:\/\/esmayolet.com\/wp-content\/uploads\/2026\/04\/agroturismo-mallorca-manacor.jpg","datePublished":"2026-04-21T09:15:35+00:00","dateModified":"2026-04-30T12:43:29+00:00","description":"Wenn Sie auf Mallorca ein etwas anderes Restaurant suchen, in dem Sie die mediterrane K\u00fcche von ihrer urspr\u00fcnglichen Seite erleben k\u00f6nnen, dann ist Mayolet genau der richtige Ort f\u00fcr Sie.","breadcrumb":{"@id":"https:\/\/esmayolet.com\/gastronomia\/#breadcrumb"},"inLanguage":"de","potentialAction":[{"@type":"ReadAction","target":["https:\/\/esmayolet.com\/gastronomia\/"]}]},{"@type":"ImageObject","inLanguage":"de","@id":"https:\/\/esmayolet.com\/gastronomia\/#primaryimage","url":"https:\/\/esmayolet.com\/wp-content\/uploads\/2026\/04\/agroturismo-mallorca-manacor.jpg","contentUrl":"https:\/\/esmayolet.com\/wp-content\/uploads\/2026\/04\/agroturismo-mallorca-manacor.jpg"},{"@type":"BreadcrumbList","@id":"https:\/\/esmayolet.com\/gastronomia\/#breadcrumb","itemListElement":[{"@type":"ListItem","position":1,"name":"Portada","item":"https:\/\/esmayolet.com\/"},{"@type":"ListItem","position":2,"name":"Gastronom\u00eda"}]},{"@type":"WebSite","@id":"https:\/\/esmayolet.com\/#website","url":"https:\/\/esmayolet.com\/","name":"Landgut Es Mayolet","description":"Charmanter Agrotourismus auf Mallorca.","publisher":{"@id":"https:\/\/esmayolet.com\/#organization"},"potentialAction":[{"@type":"SearchAction","target":{"@type":"EntryPoint","urlTemplate":"https:\/\/esmayolet.com\/?s={search_term_string}"},"query-input":{"@type":"PropertyValueSpecification","valueRequired":true,"valueName":"search_term_string"}}],"inLanguage":"de"},{"@type":"Organization","@id":"https:\/\/esmayolet.com\/#organization","name":"Landgut Es Mayolet","url":"https:\/\/esmayolet.com\/","logo":{"@type":"ImageObject","inLanguage":"de","@id":"https:\/\/esmayolet.com\/#\/schema\/logo\/image\/","url":"https:\/\/esmayolet.com\/wp-content\/uploads\/2026\/01\/cropped-SVG_MAYOLET_AZUL.png","contentUrl":"https:\/\/esmayolet.com\/wp-content\/uploads\/2026\/01\/cropped-SVG_MAYOLET_AZUL.png","width":435,"height":383,"caption":"Finca Es Mayolet"},"image":{"@id":"https:\/\/esmayolet.com\/#\/schema\/logo\/image\/"},"sameAs":["https:\/\/www.facebook.com\/people\/Finca-Es-Mayolet\/"]}]}},"_links":{"self":[{"href":"https:\/\/esmayolet.com\/de\/wp-json\/wp\/v2\/pages\/4615","targetHints":{"allow":["GET"]}}],"collection":[{"href":"https:\/\/esmayolet.com\/de\/wp-json\/wp\/v2\/pages"}],"about":[{"href":"https:\/\/esmayolet.com\/de\/wp-json\/wp\/v2\/types\/page"}],"author":[{"embeddable":true,"href":"https:\/\/esmayolet.com\/de\/wp-json\/wp\/v2\/users\/3"}],"replies":[{"embeddable":true,"href":"https:\/\/esmayolet.com\/de\/wp-json\/wp\/v2\/comments?post=4615"}],"version-history":[{"count":85,"href":"https:\/\/esmayolet.com\/de\/wp-json\/wp\/v2\/pages\/4615\/revisions"}],"predecessor-version":[{"id":5147,"href":"https:\/\/esmayolet.com\/de\/wp-json\/wp\/v2\/pages\/4615\/revisions\/5147"}],"wp:attachment":[{"href":"https:\/\/esmayolet.com\/de\/wp-json\/wp\/v2\/media?parent=4615"}],"curies":[{"name":"wp","href":"https:\/\/api.w.org\/{rel}","templated":true}]}}